{"id":31146,"date":"2024-06-13T14:23:51","date_gmt":"2024-06-13T12:23:51","guid":{"rendered":"https:\/\/flocons.staticmigration.com\/?page_id=31146"},"modified":"2025-01-21T08:39:55","modified_gmt":"2025-01-21T07:39:55","slug":"la-station-avoriaz","status":"publish","type":"page","link":"https:\/\/www.agencedesflocons.com\/en\/la-station-avoriaz\/","title":{"rendered":"La station Avoriaz"},"content":{"rendered":"\t\t<div data-elementor-type=\"wp-page\" data-elementor-id=\"31146\" class=\"elementor elementor-31146 elementor-28873\" data-elementor-settings=\"{&quot;element_pack_global_tooltip_width&quot;:{&quot;unit&quot;:&quot;px&quot;,&quot;size&quot;:&quot;&quot;,&quot;sizes&quot;:[]},&quot;element_pack_global_tooltip_width_tablet&quot;:{&quot;unit&quot;:&quot;px&quot;,&quot;size&quot;:&quot;&quot;,&quot;sizes&quot;:[]},&quot;element_pack_global_tooltip_width_mobile&quot;:{&quot;unit&quot;:&quot;px&quot;,&quot;size&quot;:&quot;&quot;,&quot;sizes&quot;:[]},&quot;element_pack_global_tooltip_padding&quot;:{&quot;unit&quot;:&quot;px&quot;,&quot;top&quot;:&quot;&quot;,&quot;right&quot;:&quot;&quot;,&quot;bottom&quot;:&quot;&quot;,&quot;left&quot;:&quot;&quot;,&quot;isLinked&quot;:true},&quot;element_pack_global_tooltip_padding_tablet&quot;:{&quot;unit&quot;:&quot;px&quot;,&quot;top&quot;:&quot;&quot;,&quot;right&quot;:&quot;&quot;,&quot;bottom&quot;:&quot;&quot;,&quot;left&quot;:&quot;&quot;,&quot;isLinked&quot;:true},&quot;element_pack_global_tooltip_padding_mobile&quot;:{&quot;unit&quot;:&quot;px&quot;,&quot;top&quot;:&quot;&quot;,&quot;right&quot;:&quot;&quot;,&quot;bottom&quot;:&quot;&quot;,&quot;left&quot;:&quot;&quot;,&quot;isLinked&quot;:true},&quot;element_pack_global_tooltip_border_radius&quot;:{&quot;unit&quot;:&quot;px&quot;,&quot;top&quot;:&quot;&quot;,&quot;right&quot;:&quot;&quot;,&quot;bottom&quot;:&quot;&quot;,&quot;left&quot;:&quot;&quot;,&quot;isLinked&quot;:true},&quot;element_pack_global_tooltip_border_radius_tablet&quot;:{&quot;unit&quot;:&quot;px&quot;,&quot;top&quot;:&quot;&quot;,&quot;right&quot;:&quot;&quot;,&quot;bottom&quot;:&quot;&quot;,&quot;left&quot;:&quot;&quot;,&quot;isLinked&quot;:true},&quot;element_pack_global_tooltip_border_radius_mobile&quot;:{&quot;unit&quot;:&quot;px&quot;,&quot;top&quot;:&quot;&quot;,&quot;right&quot;:&quot;&quot;,&quot;bottom&quot;:&quot;&quot;,&quot;left&quot;:&quot;&quot;,&quot;isLinked&quot;:true}}\" data-elementor-post-type=\"page\">\n\t\t\t\t<div class=\"elementor-element elementor-element-6925d84 e-flex e-con-boxed e-con e-parent\" data-id=\"6925d84\" data-element_type=\"container\" data-e-type=\"container\">\n\t\t\t\t\t<div class=\"e-con-inner\">\n\t\t\t\t<div class=\"elementor-element elementor-element-1ee0eda elementor-widget-mobile__width-inherit elementor-widget elementor-widget-heading\" data-id=\"1ee0eda\" data-element_type=\"widget\" data-e-type=\"widget\" data-widget_type=\"heading.default\">\n\t\t\t\t<div class=\"elementor-widget-container\">\n\t\t\t\t\t<h2 class=\"elementor-heading-title elementor-size-default\">Avoriaz 1800<\/h2>\t\t\t\t<\/div>\n\t\t\t\t<\/div>\n\t\t\t\t<div class=\"elementor-element elementor-element-d9d6dff elementor-widget__width-initial elementor-widget elementor-widget-text-editor\" data-id=\"d9d6dff\" data-element_type=\"widget\" data-e-type=\"widget\" data-widget_type=\"text-editor.default\">\n\t\t\t\t<div class=\"elementor-widget-container\">\n\t\t\t\t\t\t\t\t\t<p>Nich\u00e9e au coeur du domaine skiable des Portes du Soleil, Avoriaz est une station de sports d\u2019hiver innovante qui se d\u00e9marque par son originalit\u00e9 sur bien des plans. Con\u00e7ue par des pionniers de l&#8217;urbanisme alpin, elle incarne une r\u00e9volution architecturale et environnementale en laissant toute sa place \u00e0 la nature.\u00a0<\/p>\t\t\t\t\t\t\t\t<\/div>\n\t\t\t\t<\/div>\n\t\t\t\t<div class=\"elementor-element elementor-element-36925de elementor-widget-divider--view-line elementor-widget elementor-widget-divider\" data-id=\"36925de\" data-element_type=\"widget\" data-e-type=\"widget\" data-widget_type=\"divider.default\">\n\t\t\t\t<div class=\"elementor-widget-container\">\n\t\t\t\t\t\t\t<div class=\"elementor-divider\">\n\t\t\t<span class=\"elementor-divider-separator\">\n\t\t\t\t\t\t<\/span>\n\t\t<\/div>\n\t\t\t\t\t\t<\/div>\n\t\t\t\t<\/div>\n\t\t\t\t\t<\/div>\n\t\t\t\t<\/div>\n\t\t<div class=\"elementor-element elementor-element-f29ae24 e-flex e-con-boxed e-con e-parent\" data-id=\"f29ae24\" data-element_type=\"container\" data-e-type=\"container\">\n\t\t\t\t\t<div class=\"e-con-inner\">\n\t\t<div class=\"elementor-element elementor-element-16fcf89 e-con-full e-flex e-con e-child\" data-id=\"16fcf89\" data-element_type=\"container\" data-e-type=\"container\">\n\t\t\t\t<div data-dce-title-color=\"#FFFFFF\" class=\"elementor-element elementor-element-c7788fd elementor-widget elementor-widget-heading\" data-id=\"c7788fd\" data-element_type=\"widget\" data-e-type=\"widget\" data-widget_type=\"heading.default\">\n\t\t\t\t<div class=\"elementor-widget-container\">\n\t\t\t\t\t<h2 class=\"elementor-heading-title elementor-size-default\">Une station novatrice<\/h2>\t\t\t\t<\/div>\n\t\t\t\t<\/div>\n\t\t\t\t<div data-dce-text-color=\"#FFFFFF\" class=\"elementor-element elementor-element-87a2791 elementor-widget elementor-widget-text-editor\" data-id=\"87a2791\" data-element_type=\"widget\" data-e-type=\"widget\" data-widget_type=\"text-editor.default\">\n\t\t\t\t<div class=\"elementor-widget-container\">\n\t\t\t\t\t\t\t\t\t<p>Avoriaz se distingue par son approche novatrice d\u00e8s sa cr\u00e9ation en 1967 par 3 hommes d\u2019horizons diff\u00e9rents :<\/p><ul><li>Le sportif visionnaire : <strong>Jean VUARNET<\/strong>, champion olympique (m\u00e9daill\u00e9 d\u2019or en ski de descente en 1960 \u00e0 Squaw Valley \u2013 Etats-Unis), originaire de Morzine et initiateur de la cr\u00e9ation du domaine des Portes du Soleil.\u00a0Jean Vuarnet nous a quitt\u00e9s juste avant l\u2019anniversaire des 50 ans de la station, le 2 janvier 2017<\/li><li>Le promoteur et le communiquant audacieux : <strong>G\u00e9rard BREMONT<\/strong>, jeune promoteur en 1964 \u00e0 l\u2019\u00e9poque de sa rencontre avec Jean VUARNET, et ex-PDG du groupe Pierre et Vacances-Center Parcs.<\/li><li>L\u2019architecte talentueux : <strong>Jacques LABRO<\/strong>, d\u00e9j\u00e0 laur\u00e9at du Grand Prix de Rome, et ses associ\u00e9s : Jean-Jacques OZONI et Jean-Marc ROQUES qui ont d\u2019ailleurs obtenu le prix de l\u2019\u00e9querre d\u2019argent en 1968 pour la r\u00e9alisation des r\u00e9sidences S\u00e9quo\u00efa et M\u00e9l\u00e8zes.<\/li><\/ul><p>\u00a0<\/p><p>De cette rencontre extraordinaire est n\u00e9e une station qui a grandi et qui a su \u00e9voluer \u00e0 travers les d\u00e9cennies pour nous \u00e9tonner encore et toujours !<\/p>\t\t\t\t\t\t\t\t<\/div>\n\t\t\t\t<\/div>\n\t\t\t\t<\/div>\n\t\t<div class=\"elementor-element elementor-element-7a54733 e-con-full e-flex e-con e-child\" data-id=\"7a54733\" data-element_type=\"container\" data-e-type=\"container\">\n\t\t\t\t<div class=\"elementor-element elementor-element-65af998 dce_masking-none elementor-widget elementor-widget-image\" data-id=\"65af998\" data-element_type=\"widget\" data-e-type=\"widget\" data-widget_type=\"image.default\">\n\t\t\t\t<div class=\"elementor-widget-container\">\n\t\t\t\t\t\t\t\t\t\t\t\t\t\t\t<img fetchpriority=\"high\" decoding=\"async\" width=\"685\" height=\"468\" src=\"https:\/\/www.agencedesflocons.com\/wp-content\/uploads\/2024\/06\/Rectangle-18.jpg\" class=\"attachment-large size-large wp-image-31015\" alt=\"\" srcset=\"https:\/\/www.agencedesflocons.com\/wp-content\/uploads\/2024\/06\/Rectangle-18.jpg 685w, https:\/\/www.agencedesflocons.com\/wp-content\/uploads\/2024\/06\/Rectangle-18-300x205.jpg 300w\" sizes=\"(max-width: 685px) 100vw, 685px\" \/>\t\t\t\t\t\t\t\t\t\t\t\t\t\t\t<\/div>\n\t\t\t\t<\/div>\n\t\t\t\t<\/div>\n\t\t\t\t\t<\/div>\n\t\t\t\t<\/div>\n\t\t<div class=\"elementor-element elementor-element-395a155 e-flex e-con-boxed e-con e-parent\" data-id=\"395a155\" data-element_type=\"container\" data-e-type=\"container\">\n\t\t\t\t\t<div class=\"e-con-inner\">\n\t\t<div class=\"elementor-element elementor-element-84c61d0 e-con-full e-flex e-con e-child\" data-id=\"84c61d0\" data-element_type=\"container\" data-e-type=\"container\">\n\t\t\t\t<div class=\"elementor-element elementor-element-ad91415 dce_masking-none elementor-widget elementor-widget-image\" data-id=\"ad91415\" data-element_type=\"widget\" data-e-type=\"widget\" data-widget_type=\"image.default\">\n\t\t\t\t<div class=\"elementor-widget-container\">\n\t\t\t\t\t\t\t\t\t\t\t\t\t\t\t<img decoding=\"async\" width=\"800\" height=\"546\" src=\"https:\/\/www.agencedesflocons.com\/wp-content\/uploads\/2024\/07\/photo-station-3-1024x699.jpg\" class=\"attachment-large size-large wp-image-31741\" alt=\"\" srcset=\"https:\/\/www.agencedesflocons.com\/wp-content\/uploads\/2024\/07\/photo-station-3-1024x699.jpg 1024w, https:\/\/www.agencedesflocons.com\/wp-content\/uploads\/2024\/07\/photo-station-3-300x205.jpg 300w, https:\/\/www.agencedesflocons.com\/wp-content\/uploads\/2024\/07\/photo-station-3-768x524.jpg 768w, https:\/\/www.agencedesflocons.com\/wp-content\/uploads\/2024\/07\/photo-station-3.jpg 1480w\" sizes=\"(max-width: 800px) 100vw, 800px\" \/>\t\t\t\t\t\t\t\t\t\t\t\t\t\t\t<\/div>\n\t\t\t\t<\/div>\n\t\t\t\t<\/div>\n\t\t<div class=\"elementor-element elementor-element-5bace03 e-con-full e-flex e-con e-child\" data-id=\"5bace03\" data-element_type=\"container\" data-e-type=\"container\">\n\t\t\t\t<div data-dce-title-color=\"#FFFFFF\" class=\"elementor-element elementor-element-86d4adc elementor-widget elementor-widget-heading\" data-id=\"86d4adc\" data-element_type=\"widget\" data-e-type=\"widget\" data-widget_type=\"heading.default\">\n\t\t\t\t<div class=\"elementor-widget-container\">\n\t\t\t\t\t<h2 class=\"elementor-heading-title elementor-size-default\">Un village enti\u00e8rement pi\u00e9ton depuis sa conception\u00a0<\/h2>\t\t\t\t<\/div>\n\t\t\t\t<\/div>\n\t\t\t\t<div data-dce-text-color=\"#FFFFFF\" class=\"elementor-element elementor-element-8166deb elementor-widget elementor-widget-text-editor\" data-id=\"8166deb\" data-element_type=\"widget\" data-e-type=\"widget\" data-widget_type=\"text-editor.default\">\n\t\t\t\t<div class=\"elementor-widget-container\">\n\t\t\t\t\t\t\t\t\t<p><span style=\"white-space-collapse: preserve;\">De plus, <strong>Avoriaz<\/strong> se distingue par son concept avant-gardiste d&#8217;\u00eatre enti\u00e8rement pi\u00e9tonnis\u00e9 depuis sa cr\u00e9ation. Ici, les voitures sont bannies des rues pour offrir une qualit\u00e9 de vie in\u00e9gal\u00e9e aux r\u00e9sidents et aux vacanciers, qui peuvent se d\u00e9placer \u00e0 pied, en ski, en raquettes ou encore en cal\u00e8che, en toute tranquillit\u00e9.\u00a0<\/span><\/p><p>Sa pi\u00e9tonnisation compl\u00e8te, son architecture unique et son engagement envers le d\u00e9veloppement durable continuent de s\u00e9duire des visiteurs du monde entier, faisant d&#8217;Avoriaz une station moderne et respectueuse de la nature.\u00a0<\/p>\t\t\t\t\t\t\t\t<\/div>\n\t\t\t\t<\/div>\n\t\t\t\t<\/div>\n\t\t\t\t\t<\/div>\n\t\t\t\t<\/div>\n\t\t<div class=\"elementor-element elementor-element-0341b64 e-flex e-con-boxed e-con e-parent\" data-id=\"0341b64\" data-element_type=\"container\" data-e-type=\"container\">\n\t\t\t\t\t<div class=\"e-con-inner\">\n\t\t<div class=\"elementor-element elementor-element-9b13cad e-con-full e-flex e-con e-child\" data-id=\"9b13cad\" data-element_type=\"container\" data-e-type=\"container\">\n\t\t\t\t<div data-dce-title-color=\"#FFFFFF\" class=\"elementor-element elementor-element-0cd4d9e elementor-widget elementor-widget-heading\" data-id=\"0cd4d9e\" data-element_type=\"widget\" data-e-type=\"widget\" data-widget_type=\"heading.default\">\n\t\t\t\t<div class=\"elementor-widget-container\">\n\t\t\t\t\t<h2 class=\"elementor-heading-title elementor-size-default\">Une architecture organique unique\u00a0<\/h2>\t\t\t\t<\/div>\n\t\t\t\t<\/div>\n\t\t\t\t<div data-dce-text-color=\"#FFFFFF\" class=\"elementor-element elementor-element-83360a4 elementor-widget elementor-widget-text-editor\" data-id=\"83360a4\" data-element_type=\"widget\" data-e-type=\"widget\" data-widget_type=\"text-editor.default\">\n\t\t\t\t<div class=\"elementor-widget-container\">\n\t\t\t\t\t\t\t\t\t<p>Son architecture \u00ab mim\u00e9tique \u00bb a donn\u00e9 \u00e0 la station son caract\u00e8re exceptionnel, tout en l\u2019int\u00e9grant parfaitement dans le paysage montagnard. Inspir\u00e9es par <strong>les formes naturelles<\/strong> des falaises environnantes, les lignes et les couleurs des immeubles fondent harmonieusement dans le paysage : bardage en bois Red Cedar ou M\u00e9l\u00e8ze laiss\u00e9s \u00e0 l\u2019\u00e9tat brut, dont les teintes \u00e9voluent selon l\u2019exposition&#8230;<\/p><p>Les toits pentus et les structures en terrasse offrent des vues imprenables sur les montagnes et garantissent une int\u00e9gration parfaite avec la nature.\u00a0<\/p>\t\t\t\t\t\t\t\t<\/div>\n\t\t\t\t<\/div>\n\t\t\t\t<div class=\"elementor-element elementor-element-dc5dc68 elementor-widget__width-inherit dce_masking-none elementor-widget elementor-widget-image\" data-id=\"dc5dc68\" data-element_type=\"widget\" data-e-type=\"widget\" data-widget_type=\"image.default\">\n\t\t\t\t<div class=\"elementor-widget-container\">\n\t\t\t\t\t\t\t\t\t\t\t\t\t\t\t<img decoding=\"async\" width=\"686\" height=\"463\" src=\"https:\/\/www.agencedesflocons.com\/wp-content\/uploads\/2024\/06\/avoriaz-4.jpg\" class=\"attachment-full size-full wp-image-30947\" alt=\"\" srcset=\"https:\/\/www.agencedesflocons.com\/wp-content\/uploads\/2024\/06\/avoriaz-4.jpg 686w, https:\/\/www.agencedesflocons.com\/wp-content\/uploads\/2024\/06\/avoriaz-4-300x202.jpg 300w\" sizes=\"(max-width: 686px) 100vw, 686px\" \/>\t\t\t\t\t\t\t\t\t\t\t\t\t\t\t<\/div>\n\t\t\t\t<\/div>\n\t\t\t\t<\/div>\n\t\t<div class=\"elementor-element elementor-element-eadd815 e-con-full e-flex e-con e-child\" data-id=\"eadd815\" data-element_type=\"container\" data-e-type=\"container\">\n\t\t\t\t<div class=\"elementor-element elementor-element-3accbf1 dce_masking-none elementor-widget elementor-widget-image\" data-id=\"3accbf1\" data-element_type=\"widget\" data-e-type=\"widget\" data-widget_type=\"image.default\">\n\t\t\t\t<div class=\"elementor-widget-container\">\n\t\t\t\t\t\t\t\t\t\t\t\t\t\t\t<img loading=\"lazy\" decoding=\"async\" width=\"685\" height=\"458\" src=\"https:\/\/www.agencedesflocons.com\/wp-content\/uploads\/2024\/06\/avoriaz-3.jpg\" class=\"attachment-large size-large wp-image-30946\" alt=\"\" srcset=\"https:\/\/www.agencedesflocons.com\/wp-content\/uploads\/2024\/06\/avoriaz-3.jpg 685w, https:\/\/www.agencedesflocons.com\/wp-content\/uploads\/2024\/06\/avoriaz-3-300x201.jpg 300w\" sizes=\"(max-width: 685px) 100vw, 685px\" \/>\t\t\t\t\t\t\t\t\t\t\t\t\t\t\t<\/div>\n\t\t\t\t<\/div>\n\t\t\t\t<div data-dce-title-color=\"#FFFFFF\" class=\"elementor-element elementor-element-03691e6 elementor-widget elementor-widget-heading\" data-id=\"03691e6\" data-element_type=\"widget\" data-e-type=\"widget\" data-widget_type=\"heading.default\">\n\t\t\t\t<div class=\"elementor-widget-container\">\n\t\t\t\t\t<h2 class=\"elementor-heading-title elementor-size-default\">Une station anim\u00e9e en toute saison\u00a0<\/h2>\t\t\t\t<\/div>\n\t\t\t\t<\/div>\n\t\t\t\t<div data-dce-text-color=\"#FFFFFF\" class=\"elementor-element elementor-element-9b479ee elementor-widget elementor-widget-text-editor\" data-id=\"9b479ee\" data-element_type=\"widget\" data-e-type=\"widget\" data-widget_type=\"text-editor.default\">\n\t\t\t\t<div class=\"elementor-widget-container\">\n\t\t\t\t\t\t\t\t\t<p>En hiver, les pentes enneig\u00e9es d&#8217;Avoriaz attirent les skieurs et les snowboardeurs avec un acc\u00e8s direct au domaine des <strong>Portes du Soleil<\/strong> compos\u00e9 de plus de 600 km de pistes reli\u00e9es entre elles.<\/p><p>En plus d\u2019\u00eatre une destination de ski de renomm\u00e9e mondiale, Avoriaz se transforme en un v\u00e9ritable terrain de jeu en \u00e9t\u00e9 : Randonn\u00e9e, VTT, escalade, golf&#8230; Offrant de nombreuses possibilit\u00e9s pour explorer la nature environnante.<\/p>\t\t\t\t\t\t\t\t<\/div>\n\t\t\t\t<\/div>\n\t\t\t\t<\/div>\n\t\t\t\t\t<\/div>\n\t\t\t\t<\/div>\n\t\t<div class=\"elementor-element elementor-element-14f87e8 e-flex e-con-boxed e-con e-parent\" data-id=\"14f87e8\" data-element_type=\"container\" data-e-type=\"container\">\n\t\t\t\t\t<div class=\"e-con-inner\">\n\t\t<div class=\"elementor-element elementor-element-a49d8a2 e-con-full e-flex e-con e-child\" data-id=\"a49d8a2\" data-element_type=\"container\" data-e-type=\"container\">\n\t\t\t\t<div data-dce-title-color=\"#FFFFFF\" class=\"elementor-element elementor-element-e66d3aa elementor-widget elementor-widget-heading\" data-id=\"e66d3aa\" data-element_type=\"widget\" data-e-type=\"widget\" data-widget_type=\"heading.default\">\n\t\t\t\t<div class=\"elementor-widget-container\">\n\t\t\t\t\t<h2 class=\"elementor-heading-title elementor-size-default\">Une renomm\u00e9e internationale \u00e9galement gr\u00e2ce aux \u00e9v\u00e9nements culturels\u00a0de la station<\/h2>\t\t\t\t<\/div>\n\t\t\t\t<\/div>\n\t\t\t\t<div data-dce-text-color=\"#FFFFFF\" class=\"elementor-element elementor-element-fbdc4d7 elementor-widget elementor-widget-text-editor\" data-id=\"fbdc4d7\" data-element_type=\"widget\" data-e-type=\"widget\" data-widget_type=\"text-editor.default\">\n\t\t\t\t<div class=\"elementor-widget-container\">\n\t\t\t\t\t\t\t\t\t<p>Le Festival International du Film Fantastique d&#8217;Avoriaz a \u00e9t\u00e9 cr\u00e9\u00e9 en 1973 par le cin\u00e9aste et producteur fran\u00e7ais Claude ROY, avec le soutien de Jean VUARNET, l&#8217;un des fondateurs de la station d&#8217;Avoriaz.&nbsp;<\/p>\n<p>Cette manifestation est rapidement devenue un \u00e9v\u00e9nement majeur du cin\u00e9ma fantastique, attirant des r\u00e9alisateurs, des acteurs et des passionn\u00e9s du monde entier. C\u2019est d\u2019ailleurs \u00e0 Avoriaz que s\u2019est fait conna\u00eetre Steven SPIELBERG en remportant le grand prix d\u2019Avoriaz avec le film Duel.&nbsp;<\/p>\n<p>Pendant 20 ans, le Festival du Film Fantastique d&#8217;Avoriaz a permis de promouvoir ce genre cin\u00e9matographique tout en contribuant \u00e0 la renomm\u00e9e internationale de la station.&nbsp;<\/p>\n<p>Aujourd\u2019hui, de nouveaux \u00e9v\u00e9nements ont pris le relais : Avoriaz Danse Festival, Rock The Pistes Festival\u2026&nbsp;<\/p>\t\t\t\t\t\t\t\t<\/div>\n\t\t\t\t<\/div>\n\t\t\t\t<\/div>\n\t\t<div class=\"elementor-element elementor-element-0383f43 e-con-full e-flex e-con e-child\" data-id=\"0383f43\" data-element_type=\"container\" data-e-type=\"container\">\n\t\t\t\t<div class=\"elementor-element elementor-element-f4e4f21 dce_masking-none elementor-widget elementor-widget-image\" data-id=\"f4e4f21\" data-element_type=\"widget\" data-e-type=\"widget\" data-widget_type=\"image.default\">\n\t\t\t\t<div class=\"elementor-widget-container\">\n\t\t\t\t\t\t\t\t\t\t\t\t\t\t\t<img loading=\"lazy\" decoding=\"async\" width=\"686\" height=\"399\" src=\"https:\/\/www.agencedesflocons.com\/wp-content\/uploads\/2024\/06\/avoriaz-5.jpg\" class=\"attachment-large size-large wp-image-30948\" alt=\"\" srcset=\"https:\/\/www.agencedesflocons.com\/wp-content\/uploads\/2024\/06\/avoriaz-5.jpg 686w, https:\/\/www.agencedesflocons.com\/wp-content\/uploads\/2024\/06\/avoriaz-5-300x174.jpg 300w\" sizes=\"(max-width: 686px) 100vw, 686px\" \/>\t\t\t\t\t\t\t\t\t\t\t\t\t\t\t<\/div>\n\t\t\t\t<\/div>\n\t\t\t\t<\/div>\n\t\t\t\t\t<\/div>\n\t\t\t\t<\/div>\n\t\t<div data-dce-background-color=\"#F5F5F5\" class=\"elementor-element elementor-element-5e84302 e-flex e-con-boxed e-con e-parent\" data-id=\"5e84302\" data-element_type=\"container\" data-e-type=\"container\" data-settings=\"{&quot;background_background&quot;:&quot;classic&quot;}\">\n\t\t\t\t\t<div class=\"e-con-inner\">\n\t\t<div class=\"elementor-element elementor-element-1ed7dead e-con-full e-flex e-con e-child\" data-id=\"1ed7dead\" data-element_type=\"container\" data-e-type=\"container\">\n\t\t\t\t<div data-dce-title-color=\"#FFFFFF\" class=\"elementor-element elementor-element-16a4645 elementor-widget elementor-widget-heading\" data-id=\"16a4645\" data-element_type=\"widget\" data-e-type=\"widget\" data-widget_type=\"heading.default\">\n\t\t\t\t<div class=\"elementor-widget-container\">\n\t\t\t\t\t<h2 class=\"elementor-heading-title elementor-size-default\">Vous souhaitez investir dans un bien immobilier \u00e0 Avoriaz 1800 ? \u200b<\/h2>\t\t\t\t<\/div>\n\t\t\t\t<\/div>\n\t\t\t\t<div data-dce-title-color=\"#FFFFFF\" class=\"elementor-element elementor-element-ac54c4b elementor-widget elementor-widget-heading\" data-id=\"ac54c4b\" data-element_type=\"widget\" data-e-type=\"widget\" data-widget_type=\"heading.default\">\n\t\t\t\t<div class=\"elementor-widget-container\">\n\t\t\t\t\t<h2 class=\"elementor-heading-title elementor-size-default\">Contactez-nous<\/h2>\t\t\t\t<\/div>\n\t\t\t\t<\/div>\n\t\t\t\t<div data-dce-text-color=\"#FFFFFF\" class=\"elementor-element elementor-element-5a2883a elementor-widget__width-initial elementor-widget elementor-widget-text-editor\" data-id=\"5a2883a\" data-element_type=\"widget\" data-e-type=\"widget\" data-widget_type=\"text-editor.default\">\n\t\t\t\t<div class=\"elementor-widget-container\">\n\t\t\t\t\t\t\t\t\t<p>Avec son atmosph\u00e8re incomparable et son architecture innovante, Avoriaz saura vous s\u00e9duire et vous donner envie d\u2019acheter un morceau de son histoire.\u00a0<br \/>Notre agence immobili\u00e8re est l\u00e0 pour vous accompagner pour tout projet d\u2019achat immobilier dans cette station de montagne unique au monde.\u00a0<\/p><p><span style=\"color: #000000;\"><a style=\"color: #000000;\" href=\"https:\/\/www.agencedesflocons.com\/acheter-a-avoriaz\/\"><strong>D\u00e9couvrez d\u00e8s maintenant notre s\u00e9lection exclusive de biens immobiliers\u2028\u00e0 Avoriaz.\u00a0<\/strong><\/a><\/span><\/p>\t\t\t\t\t\t\t\t<\/div>\n\t\t\t\t<\/div>\n\t\t\t\t<div data-dce-text-color=\"#FFFFFF\" class=\"elementor-element elementor-element-46624980 elementor-widget__width-initial elementor-widget elementor-widget-text-editor\" data-id=\"46624980\" data-element_type=\"widget\" data-e-type=\"widget\" data-widget_type=\"text-editor.default\">\n\t\t\t\t<div class=\"elementor-widget-container\">\n\t\t\t\t\t\t\t\t\t<p>Vous souhaitez nous confier la vente de votre bien ou vous \u00eates \u00e0 la recherche de la perle rare ?<\/p>\t\t\t\t\t\t\t\t<\/div>\n\t\t\t\t<\/div>\n\t\t<div class=\"elementor-element elementor-element-52ff009c e-con-full e-flex e-con e-child\" data-id=\"52ff009c\" data-element_type=\"container\" data-e-type=\"container\">\n\t\t\t\t<div class=\"elementor-element elementor-element-ab7782c elementor-widget elementor-widget-text-editor\" data-id=\"ab7782c\" data-element_type=\"widget\" data-e-type=\"widget\" data-widget_type=\"text-editor.default\">\n\t\t\t\t<div class=\"elementor-widget-container\">\n\t\t\t\t\t\t\t\t\tT\u00e9l. : <span style=\"color: #000000;\"><a style=\"color: #000000;\" href=\"tel:0450741989\">04 50 74 19 89<\/a><\/span><br>\nMobile : <span style=\"color: #000000;\"><a style=\"color: #000000;\" href=\"tel:0661650664\">06 61 65 06 64<\/a><\/span><br>\n33 Place Centrale 74110 AVORIAZ\t\t\t\t\t\t\t\t<\/div>\n\t\t\t\t<\/div>\n\t\t\t\t<\/div>\n\t\t\t\t<\/div>\n\t\t<div class=\"elementor-element elementor-element-a656f26 e-con-full e-flex e-con e-child\" data-id=\"a656f26\" data-element_type=\"container\" data-e-type=\"container\">\n\t\t\t\t<div class=\"elementor-element elementor-element-4b15b6e8 elementor-button-align-center elementor-widget elementor-widget-form\" data-id=\"4b15b6e8\" data-element_type=\"widget\" data-e-type=\"widget\" data-settings=\"{&quot;step_next_label&quot;:&quot;Next&quot;,&quot;step_previous_label&quot;:&quot;Previous&quot;,&quot;button_width&quot;:&quot;100&quot;,&quot;dce_confirm_dialog_enabled&quot;:&quot;no&quot;,&quot;step_type&quot;:&quot;number_text&quot;,&quot;step_icon_shape&quot;:&quot;circle&quot;,&quot;label_icon_size&quot;:{&quot;unit&quot;:&quot;px&quot;,&quot;size&quot;:&quot;&quot;,&quot;sizes&quot;:[]},&quot;field_icon_size&quot;:{&quot;unit&quot;:&quot;px&quot;,&quot;size&quot;:&quot;&quot;,&quot;sizes&quot;:[]}}\" data-widget_type=\"form.default\">\n\t\t\t\t<div class=\"elementor-widget-container\">\n\t\t\t\t\t\t\t<form class=\"elementor-form\" method=\"post\" name=\"New Form\" aria-label=\"New Form\">\n\t\t\t<input type=\"hidden\" name=\"post_id\" value=\"31146\"\/>\n\t\t\t<input type=\"hidden\" name=\"form_id\" value=\"4b15b6e8\"\/>\n\t\t\t<input type=\"hidden\" name=\"referer_title\" value=\"la-station-avoriaz\" \/>\n\n\t\t\t\t\t\t\t<input type=\"hidden\" name=\"queried_id\" value=\"31146\"\/>\n\t\t\t\n\t\t\t<div class=\"elementor-form-fields-wrapper elementor-labels-\">\n\t\t\t\t\t\t\t\t<div class=\"elementor-field-type-text elementor-field-group elementor-column elementor-field-group-field_a30ab7f elementor-col-50 elementor-field-required\">\n\t\t\t\t\t\t\t\t\t\t\t\t<label for=\"form-field-field_a30ab7f\" class=\"elementor-field-label elementor-screen-only\">\n\t\t\t\t\t\t\t\tPr\u00e9nom\t\t\t\t\t\t\t<\/label>\n\t\t\t\t\t\t\t\t\t\t\t\t\t\t<input size=\"1\" type=\"text\" name=\"form_fields[field_a30ab7f]\" id=\"form-field-field_a30ab7f\" class=\"elementor-field elementor-size-sm  elementor-field-textual\" placeholder=\"Pr\u00e9nom\" required=\"required\">\n\t\t\t\t\t\t\t\t\t\t\t<\/div>\n\t\t\t\t\t\t\t\t<div class=\"elementor-field-type-text elementor-field-group elementor-column elementor-field-group-name elementor-col-50 elementor-field-required\">\n\t\t\t\t\t\t\t\t\t\t\t\t<label for=\"form-field-name\" class=\"elementor-field-label elementor-screen-only\">\n\t\t\t\t\t\t\t\tNom\t\t\t\t\t\t\t<\/label>\n\t\t\t\t\t\t\t\t\t\t\t\t\t\t<input size=\"1\" type=\"text\" name=\"form_fields[name]\" id=\"form-field-name\" class=\"elementor-field elementor-size-sm  elementor-field-textual\" placeholder=\"Nom\" required=\"required\">\n\t\t\t\t\t\t\t\t\t\t\t<\/div>\n\t\t\t\t\t\t\t\t<div class=\"elementor-field-type-email elementor-field-group elementor-column elementor-field-group-email elementor-col-50 elementor-field-required\">\n\t\t\t\t\t\t\t\t\t\t\t\t<label for=\"form-field-email\" class=\"elementor-field-label elementor-screen-only\">\n\t\t\t\t\t\t\t\tEmail\t\t\t\t\t\t\t<\/label>\n\t\t\t\t\t\t\t\t\t\t\t\t\t\t<input size=\"1\" type=\"email\" name=\"form_fields[email]\" id=\"form-field-email\" class=\"elementor-field elementor-size-sm  elementor-field-textual\" placeholder=\"Email\" required=\"required\">\n\t\t\t\t\t\t\t\t\t\t\t<\/div>\n\t\t\t\t\t\t\t\t<div class=\"elementor-field-type-tel elementor-field-group elementor-column elementor-field-group-field_cda63ce elementor-col-50 elementor-field-required\">\n\t\t\t\t\t\t\t\t\t\t\t\t<label for=\"form-field-field_cda63ce\" class=\"elementor-field-label elementor-screen-only\">\n\t\t\t\t\t\t\t\tT\u00e9l\u00e9phone\t\t\t\t\t\t\t<\/label>\n\t\t\t\t\t\t\t\t<input size=\"1\" type=\"tel\" name=\"form_fields[field_cda63ce]\" id=\"form-field-field_cda63ce\" class=\"elementor-field elementor-size-sm  elementor-field-textual\" placeholder=\"T\u00e9l\u00e9phone\" required=\"required\" pattern=\"[0-9()#&amp;+*-=.]+\" title=\"Only numbers and phone characters (#, -, *, etc) are accepted.\">\n\n\t\t\t\t\t\t<\/div>\n\t\t\t\t\t\t\t\t<div class=\"elementor-field-type-textarea elementor-field-group elementor-column elementor-field-group-message elementor-col-100 elementor-field-required\">\n\t\t\t\t\t\t\t\t\t\t\t\t<label for=\"form-field-message\" class=\"elementor-field-label elementor-screen-only\">\n\t\t\t\t\t\t\t\tMessage\t\t\t\t\t\t\t<\/label>\n\t\t\t\t\t\t<textarea class=\"elementor-field-textual elementor-field  elementor-size-sm\" name=\"form_fields[message]\" id=\"form-field-message\" rows=\"4\" placeholder=\"Message\" required=\"required\"><\/textarea>\t\t\t\t<\/div>\n\t\t\t\t\t\t\t\t<div class=\"elementor-field-type-recaptcha_v3 elementor-field-group elementor-column elementor-field-group-field_287f512 elementor-col-100 recaptcha_v3-bottomleft\">\n\t\t\t\t\t<div class=\"elementor-field\" id=\"form-field-field_287f512\"><div class=\"elementor-g-recaptcha\" data-sitekey=\"6LcBNb4qAAAAAPHhU7f_atojthhcnU2qZoOb4iAt\" data-type=\"v3\" data-action=\"Form\" data-badge=\"bottomleft\" data-size=\"invisible\"><\/div><\/div>\t\t\t\t<\/div>\n\t\t\t\t\t\t\t\t<div class=\"elementor-field-group elementor-column elementor-field-type-submit elementor-col-100 e-form__buttons\">\n\t\t\t\t\t<button class=\"elementor-button elementor-size-md\" type=\"submit\">\n\t\t\t\t\t\t<span class=\"elementor-button-content-wrapper\">\n\t\t\t\t\t\t\t\t\t\t\t\t\t\t\t\t\t\t\t\t\t\t<span class=\"elementor-button-text\">Envoyer<\/span>\n\t\t\t\t\t\t\t\t\t\t\t\t\t<\/span>\n\t\t\t\t\t<\/button>\n\t\t\t\t<\/div>\n\t\t\t<\/div>\n\t\t<\/form>\n\t\t\t\t\t\t<\/div>\n\t\t\t\t<\/div>\n\t\t\t\t<\/div>\n\t\t\t\t\t<\/div>\n\t\t\t\t<\/div>\n\t\t\t\t<\/div>\n\t\t","protected":false},"excerpt":{"rendered":"<p>Avoriaz 1800 Nich\u00e9e au coeur du domaine skiable des Portes du Soleil, Avoriaz est une station de sports d\u2019hiver innovante qui se d\u00e9marque par son originalit\u00e9 sur bien des plans. Con\u00e7ue par des pionniers de l&#8217;urbanisme alpin, elle incarne une r\u00e9volution architecturale et environnementale en laissant toute sa place \u00e0 la nature.\u00a0 Une station novatrice [&hellip;]<\/p>\n","protected":false},"author":1,"featured_media":0,"parent":0,"menu_order":0,"comment_status":"closed","ping_status":"closed","template":"","meta":{"_acf_changed":false,"footnotes":""},"class_list":["post-31146","page","type-page","status-publish","hentry"],"acf":[],"yoast_head":"<!-- This site is optimized with the Yoast SEO plugin v27.5 - https:\/\/yoast.com\/product\/yoast-seo-wordpress\/ -->\n<title>la-station-avoriaz<\/title>\n<meta name=\"description\" content=\"Une station novatrice, un village enti\u00e8rement pi\u00e9ton, une architecture unique et une station anim\u00e9e en toute saison.\" \/>\n<meta name=\"robots\" content=\"index, follow, max-snippet:-1, max-image-preview:large, max-video-preview:-1\" \/>\n<link rel=\"canonical\" href=\"https:\/\/www.agencedesflocons.com\/en\/la-station-avoriaz\/\" \/>\n<meta property=\"og:locale\" content=\"en_US\" \/>\n<meta property=\"og:type\" content=\"article\" \/>\n<meta property=\"og:title\" content=\"la-station-avoriaz\" \/>\n<meta property=\"og:description\" content=\"Une station novatrice, un village enti\u00e8rement pi\u00e9ton, une architecture unique et une station anim\u00e9e en toute saison.\" \/>\n<meta property=\"og:url\" content=\"https:\/\/www.agencedesflocons.com\/en\/la-station-avoriaz\/\" \/>\n<meta property=\"og:site_name\" content=\"Agence des Flocons\" \/>\n<meta property=\"article:modified_time\" content=\"2025-01-21T07:39:55+00:00\" \/>\n<meta property=\"og:image\" content=\"https:\/\/www.agencedesflocons.com\/wp-content\/uploads\/2024\/06\/Rectangle-18.jpg\" \/>\n\t<meta property=\"og:image:width\" content=\"685\" \/>\n\t<meta property=\"og:image:height\" content=\"468\" \/>\n\t<meta property=\"og:image:type\" content=\"image\/jpeg\" \/>\n<meta name=\"twitter:card\" content=\"summary_large_image\" \/>\n<meta name=\"twitter:label1\" content=\"Est. reading time\" \/>\n\t<meta name=\"twitter:data1\" content=\"5 minutes\" \/>\n<script type=\"application\/ld+json\" class=\"yoast-schema-graph\">{\"@context\":\"https:\\\/\\\/schema.org\",\"@graph\":[{\"@type\":\"WebPage\",\"@id\":\"https:\\\/\\\/www.agencedesflocons.com\\\/en\\\/la-station-avoriaz\\\/\",\"url\":\"https:\\\/\\\/www.agencedesflocons.com\\\/en\\\/la-station-avoriaz\\\/\",\"name\":\"la-station-avoriaz\",\"isPartOf\":{\"@id\":\"https:\\\/\\\/www.agencedesflocons.com\\\/#website\"},\"primaryImageOfPage\":{\"@id\":\"https:\\\/\\\/www.agencedesflocons.com\\\/en\\\/la-station-avoriaz\\\/#primaryimage\"},\"image\":{\"@id\":\"https:\\\/\\\/www.agencedesflocons.com\\\/en\\\/la-station-avoriaz\\\/#primaryimage\"},\"thumbnailUrl\":\"https:\\\/\\\/www.agencedesflocons.com\\\/wp-content\\\/uploads\\\/2024\\\/06\\\/Rectangle-18.jpg\",\"datePublished\":\"2024-06-13T12:23:51+00:00\",\"dateModified\":\"2025-01-21T07:39:55+00:00\",\"description\":\"Une station novatrice, un village enti\u00e8rement pi\u00e9ton, une architecture unique et une station anim\u00e9e en toute saison.\",\"breadcrumb\":{\"@id\":\"https:\\\/\\\/www.agencedesflocons.com\\\/en\\\/la-station-avoriaz\\\/#breadcrumb\"},\"inLanguage\":\"en-US\",\"potentialAction\":[{\"@type\":\"ReadAction\",\"target\":[\"https:\\\/\\\/www.agencedesflocons.com\\\/en\\\/la-station-avoriaz\\\/\"]}]},{\"@type\":\"ImageObject\",\"inLanguage\":\"en-US\",\"@id\":\"https:\\\/\\\/www.agencedesflocons.com\\\/en\\\/la-station-avoriaz\\\/#primaryimage\",\"url\":\"https:\\\/\\\/www.agencedesflocons.com\\\/wp-content\\\/uploads\\\/2024\\\/06\\\/Rectangle-18.jpg\",\"contentUrl\":\"https:\\\/\\\/www.agencedesflocons.com\\\/wp-content\\\/uploads\\\/2024\\\/06\\\/Rectangle-18.jpg\"},{\"@type\":\"BreadcrumbList\",\"@id\":\"https:\\\/\\\/www.agencedesflocons.com\\\/en\\\/la-station-avoriaz\\\/#breadcrumb\",\"itemListElement\":[{\"@type\":\"ListItem\",\"position\":1,\"name\":\"Accueil\",\"item\":\"https:\\\/\\\/www.agencedesflocons.com\\\/\"},{\"@type\":\"ListItem\",\"position\":2,\"name\":\"La station Avoriaz\"}]},{\"@type\":\"WebSite\",\"@id\":\"https:\\\/\\\/www.agencedesflocons.com\\\/#website\",\"url\":\"https:\\\/\\\/www.agencedesflocons.com\\\/\",\"name\":\"Agence des Flocons\",\"description\":\"\",\"publisher\":{\"@id\":\"https:\\\/\\\/www.agencedesflocons.com\\\/#organization\"},\"potentialAction\":[{\"@type\":\"SearchAction\",\"target\":{\"@type\":\"EntryPoint\",\"urlTemplate\":\"https:\\\/\\\/www.agencedesflocons.com\\\/?s={search_term_string}\"},\"query-input\":{\"@type\":\"PropertyValueSpecification\",\"valueRequired\":true,\"valueName\":\"search_term_string\"}}],\"inLanguage\":\"en-US\"},{\"@type\":\"Organization\",\"@id\":\"https:\\\/\\\/www.agencedesflocons.com\\\/#organization\",\"name\":\"Agence des Flocons\",\"url\":\"https:\\\/\\\/www.agencedesflocons.com\\\/\",\"logo\":{\"@type\":\"ImageObject\",\"inLanguage\":\"en-US\",\"@id\":\"https:\\\/\\\/www.agencedesflocons.com\\\/#\\\/schema\\\/logo\\\/image\\\/\",\"url\":\"https:\\\/\\\/www.agencedesflocons.com\\\/wp-content\\\/uploads\\\/2024\\\/06\\\/logo-agence-des-flocons-e1718804944373.png\",\"contentUrl\":\"https:\\\/\\\/www.agencedesflocons.com\\\/wp-content\\\/uploads\\\/2024\\\/06\\\/logo-agence-des-flocons-e1718804944373.png\",\"width\":369,\"height\":158,\"caption\":\"Agence des Flocons\"},\"image\":{\"@id\":\"https:\\\/\\\/www.agencedesflocons.com\\\/#\\\/schema\\\/logo\\\/image\\\/\"}}]}<\/script>\n<!-- \/ Yoast SEO plugin. -->","yoast_head_json":{"title":"la-station-avoriaz","description":"Une station novatrice, un village enti\u00e8rement pi\u00e9ton, une architecture unique et une station anim\u00e9e en toute saison.","robots":{"index":"index","follow":"follow","max-snippet":"max-snippet:-1","max-image-preview":"max-image-preview:large","max-video-preview":"max-video-preview:-1"},"canonical":"https:\/\/www.agencedesflocons.com\/en\/la-station-avoriaz\/","og_locale":"en_US","og_type":"article","og_title":"la-station-avoriaz","og_description":"Une station novatrice, un village enti\u00e8rement pi\u00e9ton, une architecture unique et une station anim\u00e9e en toute saison.","og_url":"https:\/\/www.agencedesflocons.com\/en\/la-station-avoriaz\/","og_site_name":"Agence des Flocons","article_modified_time":"2025-01-21T07:39:55+00:00","og_image":[{"width":685,"height":468,"url":"https:\/\/www.agencedesflocons.com\/wp-content\/uploads\/2024\/06\/Rectangle-18.jpg","type":"image\/jpeg"}],"twitter_card":"summary_large_image","twitter_misc":{"Est. reading time":"5 minutes"},"schema":{"@context":"https:\/\/schema.org","@graph":[{"@type":"WebPage","@id":"https:\/\/www.agencedesflocons.com\/en\/la-station-avoriaz\/","url":"https:\/\/www.agencedesflocons.com\/en\/la-station-avoriaz\/","name":"la-station-avoriaz","isPartOf":{"@id":"https:\/\/www.agencedesflocons.com\/#website"},"primaryImageOfPage":{"@id":"https:\/\/www.agencedesflocons.com\/en\/la-station-avoriaz\/#primaryimage"},"image":{"@id":"https:\/\/www.agencedesflocons.com\/en\/la-station-avoriaz\/#primaryimage"},"thumbnailUrl":"https:\/\/www.agencedesflocons.com\/wp-content\/uploads\/2024\/06\/Rectangle-18.jpg","datePublished":"2024-06-13T12:23:51+00:00","dateModified":"2025-01-21T07:39:55+00:00","description":"Une station novatrice, un village enti\u00e8rement pi\u00e9ton, une architecture unique et une station anim\u00e9e en toute saison.","breadcrumb":{"@id":"https:\/\/www.agencedesflocons.com\/en\/la-station-avoriaz\/#breadcrumb"},"inLanguage":"en-US","potentialAction":[{"@type":"ReadAction","target":["https:\/\/www.agencedesflocons.com\/en\/la-station-avoriaz\/"]}]},{"@type":"ImageObject","inLanguage":"en-US","@id":"https:\/\/www.agencedesflocons.com\/en\/la-station-avoriaz\/#primaryimage","url":"https:\/\/www.agencedesflocons.com\/wp-content\/uploads\/2024\/06\/Rectangle-18.jpg","contentUrl":"https:\/\/www.agencedesflocons.com\/wp-content\/uploads\/2024\/06\/Rectangle-18.jpg"},{"@type":"BreadcrumbList","@id":"https:\/\/www.agencedesflocons.com\/en\/la-station-avoriaz\/#breadcrumb","itemListElement":[{"@type":"ListItem","position":1,"name":"Accueil","item":"https:\/\/www.agencedesflocons.com\/"},{"@type":"ListItem","position":2,"name":"La station Avoriaz"}]},{"@type":"WebSite","@id":"https:\/\/www.agencedesflocons.com\/#website","url":"https:\/\/www.agencedesflocons.com\/","name":"Agence des Flocons","description":"","publisher":{"@id":"https:\/\/www.agencedesflocons.com\/#organization"},"potentialAction":[{"@type":"SearchAction","target":{"@type":"EntryPoint","urlTemplate":"https:\/\/www.agencedesflocons.com\/?s={search_term_string}"},"query-input":{"@type":"PropertyValueSpecification","valueRequired":true,"valueName":"search_term_string"}}],"inLanguage":"en-US"},{"@type":"Organization","@id":"https:\/\/www.agencedesflocons.com\/#organization","name":"Agence des Flocons","url":"https:\/\/www.agencedesflocons.com\/","logo":{"@type":"ImageObject","inLanguage":"en-US","@id":"https:\/\/www.agencedesflocons.com\/#\/schema\/logo\/image\/","url":"https:\/\/www.agencedesflocons.com\/wp-content\/uploads\/2024\/06\/logo-agence-des-flocons-e1718804944373.png","contentUrl":"https:\/\/www.agencedesflocons.com\/wp-content\/uploads\/2024\/06\/logo-agence-des-flocons-e1718804944373.png","width":369,"height":158,"caption":"Agence des Flocons"},"image":{"@id":"https:\/\/www.agencedesflocons.com\/#\/schema\/logo\/image\/"}}]}},"_links":{"self":[{"href":"https:\/\/www.agencedesflocons.com\/en\/wp-json\/wp\/v2\/pages\/31146","targetHints":{"allow":["GET"]}}],"collection":[{"href":"https:\/\/www.agencedesflocons.com\/en\/wp-json\/wp\/v2\/pages"}],"about":[{"href":"https:\/\/www.agencedesflocons.com\/en\/wp-json\/wp\/v2\/types\/page"}],"author":[{"embeddable":true,"href":"https:\/\/www.agencedesflocons.com\/en\/wp-json\/wp\/v2\/users\/1"}],"replies":[{"embeddable":true,"href":"https:\/\/www.agencedesflocons.com\/en\/wp-json\/wp\/v2\/comments?post=31146"}],"version-history":[{"count":0,"href":"https:\/\/www.agencedesflocons.com\/en\/wp-json\/wp\/v2\/pages\/31146\/revisions"}],"wp:attachment":[{"href":"https:\/\/www.agencedesflocons.com\/en\/wp-json\/wp\/v2\/media?parent=31146"}],"curies":[{"name":"wp","href":"https:\/\/api.w.org\/{rel}","templated":true}]}}